{"id":36664,"date":"2016-06-08T11:15:42","date_gmt":"2016-06-08T09:15:42","guid":{"rendered":"https:\/\/stagingpalara4.it\/shop\/unkategorisiert\/tulum\/"},"modified":"2025-03-27T10:40:04","modified_gmt":"2025-03-27T09:40:04","slug":"tulum","status":"publish","type":"product","link":"https:\/\/www.palarasol.it\/de\/shop\/sonnenschirme\/tulum\/","title":{"rendered":"Tulum \u00f8 cm 200"},"content":{"rendered":"<p><strong>Stoff:<\/strong> Tnt gr 100; mit Rafia bedeckt<br \/>\n<strong>Lichtechtheit:<\/strong> 6+<br \/>\nSehr guter Lichtschutz.<br \/>\nGraues Stahlgestell mit Stock mm 33\/33, feste H\u00f6he, mit Knicker<br \/>\nStreben: weisser Stahl mm 3,80<br \/>\n3 verschiedene Farbt\u00f6ne<br \/>\nMade in Italy.<br \/>\nGewicht f\u00fcr Fuss&gt; kg 15. Ohne St\u00e4nder.<\/p>\n<h3><strong><a href=\"https:\/\/www.palarasol.it\/de\/shop\/zubehoer\/schutzbezug-fur-sonnenschirme-mit-zentralstock\/\">Schutzbezug 920R<\/a> ist im Preis inbegriffen:<\/strong><\/h3>\n<p>Stoff Mytex. Es ist atmungsaktiv und wasserabsto\u00dfend impr\u00e4gniert, so wird die Bildung von Schimmel und Rost stark reduziert.<\/p>\n","protected":false},"excerpt":{"rendered":"<p>Art.7 Tulum \u2013 Maffei \u2013 Runder Sonnenschirm Durchmesser cm 200<\/p>\n<p><a href=\"https:\/\/www.palarasol.it\/wp-content\/uploads\/2016\/06\/tulum-6-300x166.jpg\"><img decoding=\"async\" class=\"alignnone size-medium wp-image-82161\" src=\"https:\/\/www.palarasol.it\/wp-content\/uploads\/2016\/06\/tulum-6-300x166.jpg\" alt=\"\" width=\"300\" height=\"166\" srcset=\"https:\/\/www.palarasol.it\/wp-content\/uploads\/2016\/06\/tulum-6-300x166.jpg 300w, https:\/\/www.palarasol.it\/wp-content\/uploads\/2016\/06\/tulum-6-1024x567.jpg 1024w, https:\/\/www.palarasol.it\/wp-content\/uploads\/2016\/06\/tulum-6-768x426.jpg 768w, https:\/\/www.palarasol.it\/wp-content\/uploads\/2016\/06\/tulum-6-600x333.jpg 600w, https:\/\/www.palarasol.it\/wp-content\/uploads\/2016\/06\/tulum-6.jpg 1200w\" sizes=\"(max-width: 300px) 100vw, 300px\" \/><\/a><\/p>\n<p>Available in 3 or 5 colors<\/p>\n<p><a href=\"https:\/\/www.palarasol.it\/wp-content\/uploads\/2016\/06\/P1190354_1-1-300x169.jpg\"><img decoding=\"async\" class=\"alignnone wp-image-82168\" src=\"https:\/\/www.palarasol.it\/wp-content\/uploads\/2016\/06\/P1190354_1-1-300x169.jpg\" alt=\"\" width=\"174\" height=\"98\" srcset=\"https:\/\/www.palarasol.it\/wp-content\/uploads\/2016\/06\/P1190354_1-1-300x169.jpg 300w, https:\/\/www.palarasol.it\/wp-content\/uploads\/2016\/06\/P1190354_1-1.jpg 591w\" sizes=\"(max-width: 174px) 100vw, 174px\" \/><\/a><\/p>\n<p>&nbsp;<\/p>\n","protected":false},"featured_media":75324,"template":"","meta":{"_acf_changed":false,"_monsterinsights_skip_tracking":false,"_monsterinsights_sitenote_active":false,"_monsterinsights_sitenote_note":"","_monsterinsights_sitenote_category":0},"product_brand":[],"product_cat":[513,508],"product_tag":[503,734,515,519,511,509],"class_list":{"0":"post-36664","1":"product","2":"type-product","3":"status-publish","4":"has-post-thumbnail","6":"product_cat-klassische-sonnenschirme","7":"product_cat-sonnenschirme","8":"product_tag-made-in-italy-de","9":"product_tag-ombrelloni-maffei-de","10":"product_tag-rafia-de","11":"product_tag-rafia-sonnenschirm","12":"product_tag-runder-sonnenschirme","13":"product_tag-sonnenschirme","15":"first","16":"instock","17":"shipping-taxable","18":"purchasable","19":"product-type-variable"},"acf":[],"yoast_head":"<!-- This site is optimized with the Yoast SEO plugin v27.5 - https:\/\/yoast.com\/product\/yoast-seo-wordpress\/ -->\n<title>Tulum \u00f8200 cm - Sonnenschirm aus Rafia - Palarasol<\/title>\n<meta name=\"description\" content=\"Sonnenschirm aus Rafia in 3 Farbt\u00f6nen, rund \u00f8 cm200, Stahlgestell mm 33\/33 mit Knicker, weisse Streben. Schutzbezug ist im Preis inbegriffen Made in Italy.\" \/>\n<meta name=\"robots\" content=\"index, follow, max-snippet:-1, max-image-preview:large, max-video-preview:-1\" \/>\n<link rel=\"canonical\" href=\"https:\/\/www.palarasol.it\/de\/shop\/sonnenschirme\/tulum\/\" \/>\n<meta property=\"og:locale\" content=\"de_DE\" \/>\n<meta property=\"og:type\" content=\"article\" \/>\n<meta property=\"og:title\" content=\"Tulum \u00f8200 cm - Sonnenschirm aus Rafia - Palarasol\" \/>\n<meta property=\"og:description\" content=\"Sonnenschirm aus Rafia in 3 Farbt\u00f6nen, rund \u00f8 cm200, Stahlgestell mm 33\/33 mit Knicker, weisse Streben. Schutzbezug ist im Preis inbegriffen Made in Italy.\" \/>\n<meta property=\"og:url\" content=\"https:\/\/www.palarasol.it\/de\/shop\/sonnenschirme\/tulum\/\" \/>\n<meta property=\"og:site_name\" content=\"Palarasol\" \/>\n<meta property=\"article:publisher\" content=\"https:\/\/www.facebook.com\/palarasol\" \/>\n<meta property=\"article:modified_time\" content=\"2025-03-27T09:40:04+00:00\" \/>\n<meta property=\"og:image\" content=\"https:\/\/www.palarasol.it\/wp-content\/uploads\/2016\/06\/tulum_art7-1-1.jpg\" \/>\n\t<meta property=\"og:image:width\" content=\"1200\" \/>\n\t<meta property=\"og:image:height\" content=\"800\" \/>\n\t<meta property=\"og:image:type\" content=\"image\/jpeg\" \/>\n<meta name=\"twitter:card\" content=\"summary_large_image\" \/>\n<meta name=\"twitter:site\" content=\"@palarasol\" \/>\n<meta name=\"twitter:label1\" content=\"Gesch\u00e4tzte Lesezeit\" \/>\n\t<meta name=\"twitter:data1\" content=\"1\u00a0Minute\" \/>\n<script type=\"application\/ld+json\" class=\"yoast-schema-graph\">{\"@context\":\"https:\\\/\\\/schema.org\",\"@graph\":[{\"@type\":\"WebPage\",\"@id\":\"https:\\\/\\\/www.palarasol.it\\\/de\\\/shop\\\/sonnenschirme\\\/tulum\\\/\",\"url\":\"https:\\\/\\\/www.palarasol.it\\\/de\\\/shop\\\/sonnenschirme\\\/tulum\\\/\",\"name\":\"Tulum \u00f8200 cm - Sonnenschirm aus Rafia - Palarasol\",\"isPartOf\":{\"@id\":\"http:\\\/\\\/www.palarasol.it\\\/de\\\/#website\"},\"primaryImageOfPage\":{\"@id\":\"https:\\\/\\\/www.palarasol.it\\\/de\\\/shop\\\/sonnenschirme\\\/tulum\\\/#primaryimage\"},\"image\":{\"@id\":\"https:\\\/\\\/www.palarasol.it\\\/de\\\/shop\\\/sonnenschirme\\\/tulum\\\/#primaryimage\"},\"thumbnailUrl\":\"https:\\\/\\\/www.palarasol.it\\\/wp-content\\\/uploads\\\/2016\\\/06\\\/tulum_art7-1-1.jpg\",\"datePublished\":\"2016-06-08T09:15:42+00:00\",\"dateModified\":\"2025-03-27T09:40:04+00:00\",\"description\":\"Sonnenschirm aus Rafia in 3 Farbt\u00f6nen, rund \u00f8 cm200, Stahlgestell mm 33\\\/33 mit Knicker, weisse Streben. Schutzbezug ist im Preis inbegriffen Made in Italy.\",\"breadcrumb\":{\"@id\":\"https:\\\/\\\/www.palarasol.it\\\/de\\\/shop\\\/sonnenschirme\\\/tulum\\\/#breadcrumb\"},\"inLanguage\":\"de\",\"potentialAction\":[{\"@type\":\"ReadAction\",\"target\":[\"https:\\\/\\\/www.palarasol.it\\\/de\\\/shop\\\/sonnenschirme\\\/tulum\\\/\"]}]},{\"@type\":\"ImageObject\",\"inLanguage\":\"de\",\"@id\":\"https:\\\/\\\/www.palarasol.it\\\/de\\\/shop\\\/sonnenschirme\\\/tulum\\\/#primaryimage\",\"url\":\"https:\\\/\\\/www.palarasol.it\\\/wp-content\\\/uploads\\\/2016\\\/06\\\/tulum_art7-1-1.jpg\",\"contentUrl\":\"https:\\\/\\\/www.palarasol.it\\\/wp-content\\\/uploads\\\/2016\\\/06\\\/tulum_art7-1-1.jpg\",\"width\":1200,\"height\":800,\"caption\":\"Ombrelloni rotondi - Tulum\"},{\"@type\":\"BreadcrumbList\",\"@id\":\"https:\\\/\\\/www.palarasol.it\\\/de\\\/shop\\\/sonnenschirme\\\/tulum\\\/#breadcrumb\",\"itemListElement\":[{\"@type\":\"ListItem\",\"position\":1,\"name\":\"Home\",\"item\":\"https:\\\/\\\/www.palarasol.it\\\/de\\\/55761-2\\\/\"},{\"@type\":\"ListItem\",\"position\":2,\"name\":\"Shop\",\"item\":\"http:\\\/\\\/stagingpalara4.it\\\/negozio\\\/\"},{\"@type\":\"ListItem\",\"position\":3,\"name\":\"Sonnenschirme\",\"item\":\"https:\\\/\\\/www.palarasol.it\\\/de\\\/produkt-kategorie\\\/sonnenschirme\\\/\"},{\"@type\":\"ListItem\",\"position\":4,\"name\":\"Tulum \u00f8 cm 200\"}]},{\"@type\":\"WebSite\",\"@id\":\"http:\\\/\\\/www.palarasol.it\\\/de\\\/#website\",\"url\":\"http:\\\/\\\/www.palarasol.it\\\/de\\\/\",\"name\":\"Palarasol\",\"description\":\"\",\"publisher\":{\"@id\":\"http:\\\/\\\/www.palarasol.it\\\/de\\\/#organization\"},\"potentialAction\":[{\"@type\":\"SearchAction\",\"target\":{\"@type\":\"EntryPoint\",\"urlTemplate\":\"http:\\\/\\\/www.palarasol.it\\\/de\\\/?s={search_term_string}\"},\"query-input\":{\"@type\":\"PropertyValueSpecification\",\"valueRequired\":true,\"valueName\":\"search_term_string\"}}],\"inLanguage\":\"de\"},{\"@type\":\"Organization\",\"@id\":\"http:\\\/\\\/www.palarasol.it\\\/de\\\/#organization\",\"name\":\"Palara Gianluca & C. S.a.s\",\"url\":\"http:\\\/\\\/www.palarasol.it\\\/de\\\/\",\"logo\":{\"@type\":\"ImageObject\",\"inLanguage\":\"de\",\"@id\":\"http:\\\/\\\/www.palarasol.it\\\/de\\\/#\\\/schema\\\/logo\\\/image\\\/\",\"url\":\"https:\\\/\\\/stagingpalara4.it\\\/wp-content\\\/uploads\\\/2015\\\/06\\\/logo.png\",\"contentUrl\":\"https:\\\/\\\/stagingpalara4.it\\\/wp-content\\\/uploads\\\/2015\\\/06\\\/logo.png\",\"width\":800,\"height\":189,\"caption\":\"Palara Gianluca & C. S.a.s\"},\"image\":{\"@id\":\"http:\\\/\\\/www.palarasol.it\\\/de\\\/#\\\/schema\\\/logo\\\/image\\\/\"},\"sameAs\":[\"https:\\\/\\\/www.facebook.com\\\/palarasol\",\"https:\\\/\\\/x.com\\\/palarasol\"]}]}<\/script>\n<!-- \/ Yoast SEO plugin. -->","yoast_head_json":{"title":"Tulum \u00f8200 cm - Sonnenschirm aus Rafia - Palarasol","description":"Sonnenschirm aus Rafia in 3 Farbt\u00f6nen, rund \u00f8 cm200, Stahlgestell mm 33\/33 mit Knicker, weisse Streben. Schutzbezug ist im Preis inbegriffen Made in Italy.","robots":{"index":"index","follow":"follow","max-snippet":"max-snippet:-1","max-image-preview":"max-image-preview:large","max-video-preview":"max-video-preview:-1"},"canonical":"https:\/\/www.palarasol.it\/de\/shop\/sonnenschirme\/tulum\/","og_locale":"de_DE","og_type":"article","og_title":"Tulum \u00f8200 cm - Sonnenschirm aus Rafia - Palarasol","og_description":"Sonnenschirm aus Rafia in 3 Farbt\u00f6nen, rund \u00f8 cm200, Stahlgestell mm 33\/33 mit Knicker, weisse Streben. Schutzbezug ist im Preis inbegriffen Made in Italy.","og_url":"https:\/\/www.palarasol.it\/de\/shop\/sonnenschirme\/tulum\/","og_site_name":"Palarasol","article_publisher":"https:\/\/www.facebook.com\/palarasol","article_modified_time":"2025-03-27T09:40:04+00:00","og_image":[{"width":1200,"height":800,"url":"https:\/\/www.palarasol.it\/wp-content\/uploads\/2016\/06\/tulum_art7-1-1.jpg","type":"image\/jpeg"}],"twitter_card":"summary_large_image","twitter_site":"@palarasol","twitter_misc":{"Gesch\u00e4tzte Lesezeit":"1\u00a0Minute"},"schema":{"@context":"https:\/\/schema.org","@graph":[{"@type":"WebPage","@id":"https:\/\/www.palarasol.it\/de\/shop\/sonnenschirme\/tulum\/","url":"https:\/\/www.palarasol.it\/de\/shop\/sonnenschirme\/tulum\/","name":"Tulum \u00f8200 cm - Sonnenschirm aus Rafia - Palarasol","isPartOf":{"@id":"http:\/\/www.palarasol.it\/de\/#website"},"primaryImageOfPage":{"@id":"https:\/\/www.palarasol.it\/de\/shop\/sonnenschirme\/tulum\/#primaryimage"},"image":{"@id":"https:\/\/www.palarasol.it\/de\/shop\/sonnenschirme\/tulum\/#primaryimage"},"thumbnailUrl":"https:\/\/www.palarasol.it\/wp-content\/uploads\/2016\/06\/tulum_art7-1-1.jpg","datePublished":"2016-06-08T09:15:42+00:00","dateModified":"2025-03-27T09:40:04+00:00","description":"Sonnenschirm aus Rafia in 3 Farbt\u00f6nen, rund \u00f8 cm200, Stahlgestell mm 33\/33 mit Knicker, weisse Streben. Schutzbezug ist im Preis inbegriffen Made in Italy.","breadcrumb":{"@id":"https:\/\/www.palarasol.it\/de\/shop\/sonnenschirme\/tulum\/#breadcrumb"},"inLanguage":"de","potentialAction":[{"@type":"ReadAction","target":["https:\/\/www.palarasol.it\/de\/shop\/sonnenschirme\/tulum\/"]}]},{"@type":"ImageObject","inLanguage":"de","@id":"https:\/\/www.palarasol.it\/de\/shop\/sonnenschirme\/tulum\/#primaryimage","url":"https:\/\/www.palarasol.it\/wp-content\/uploads\/2016\/06\/tulum_art7-1-1.jpg","contentUrl":"https:\/\/www.palarasol.it\/wp-content\/uploads\/2016\/06\/tulum_art7-1-1.jpg","width":1200,"height":800,"caption":"Ombrelloni rotondi - Tulum"},{"@type":"BreadcrumbList","@id":"https:\/\/www.palarasol.it\/de\/shop\/sonnenschirme\/tulum\/#breadcrumb","itemListElement":[{"@type":"ListItem","position":1,"name":"Home","item":"https:\/\/www.palarasol.it\/de\/55761-2\/"},{"@type":"ListItem","position":2,"name":"Shop","item":"http:\/\/stagingpalara4.it\/negozio\/"},{"@type":"ListItem","position":3,"name":"Sonnenschirme","item":"https:\/\/www.palarasol.it\/de\/produkt-kategorie\/sonnenschirme\/"},{"@type":"ListItem","position":4,"name":"Tulum \u00f8 cm 200"}]},{"@type":"WebSite","@id":"http:\/\/www.palarasol.it\/de\/#website","url":"http:\/\/www.palarasol.it\/de\/","name":"Palarasol","description":"","publisher":{"@id":"http:\/\/www.palarasol.it\/de\/#organization"},"potentialAction":[{"@type":"SearchAction","target":{"@type":"EntryPoint","urlTemplate":"http:\/\/www.palarasol.it\/de\/?s={search_term_string}"},"query-input":{"@type":"PropertyValueSpecification","valueRequired":true,"valueName":"search_term_string"}}],"inLanguage":"de"},{"@type":"Organization","@id":"http:\/\/www.palarasol.it\/de\/#organization","name":"Palara Gianluca & C. S.a.s","url":"http:\/\/www.palarasol.it\/de\/","logo":{"@type":"ImageObject","inLanguage":"de","@id":"http:\/\/www.palarasol.it\/de\/#\/schema\/logo\/image\/","url":"https:\/\/stagingpalara4.it\/wp-content\/uploads\/2015\/06\/logo.png","contentUrl":"https:\/\/stagingpalara4.it\/wp-content\/uploads\/2015\/06\/logo.png","width":800,"height":189,"caption":"Palara Gianluca & C. S.a.s"},"image":{"@id":"http:\/\/www.palarasol.it\/de\/#\/schema\/logo\/image\/"},"sameAs":["https:\/\/www.facebook.com\/palarasol","https:\/\/x.com\/palarasol"]}]}},"_links":{"self":[{"href":"https:\/\/www.palarasol.it\/de\/wp-json\/wp\/v2\/product\/36664","targetHints":{"allow":["GET"]}}],"collection":[{"href":"https:\/\/www.palarasol.it\/de\/wp-json\/wp\/v2\/product"}],"about":[{"href":"https:\/\/www.palarasol.it\/de\/wp-json\/wp\/v2\/types\/product"}],"version-history":[{"count":0,"href":"https:\/\/www.palarasol.it\/de\/wp-json\/wp\/v2\/product\/36664\/revisions"}],"wp:featuredmedia":[{"embeddable":true,"href":"https:\/\/www.palarasol.it\/de\/wp-json\/wp\/v2\/media\/75324"}],"wp:attachment":[{"href":"https:\/\/www.palarasol.it\/de\/wp-json\/wp\/v2\/media?parent=36664"}],"wp:term":[{"taxonomy":"product_brand","embeddable":true,"href":"https:\/\/www.palarasol.it\/de\/wp-json\/wp\/v2\/product_brand?post=36664"},{"taxonomy":"product_cat","embeddable":true,"href":"https:\/\/www.palarasol.it\/de\/wp-json\/wp\/v2\/product_cat?post=36664"},{"taxonomy":"product_tag","embeddable":true,"href":"https:\/\/www.palarasol.it\/de\/wp-json\/wp\/v2\/product_tag?post=36664"}],"curies":[{"name":"wp","href":"https:\/\/api.w.org\/{rel}","templated":true}]}}