{"id":82040,"date":"2025-03-27T09:06:56","date_gmt":"2025-03-27T08:06:56","guid":{"rendered":"https:\/\/www.palarasol.it\/?post_type=product&#038;p=82040"},"modified":"2025-03-27T09:28:20","modified_gmt":"2025-03-27T08:28:20","slug":"trend-ice-250x250-4","status":"publish","type":"product","link":"https:\/\/www.palarasol.it\/de\/shop\/sonnenschirme\/trend-ice-250x250-4\/","title":{"rendered":"Trend Ice 250&#215;250\/4"},"content":{"rendered":"<p>Klappbarer und kompakter Ampelschirm, Wei\u00dfes Gestell, \u00d6ffnung ohne Seil oder Kurbel, drehbar, T-Fu\u00df.<\/p>\n<p>STOFF: PolyMa Polyester, gr 210 qm, Wasserabsto\u00dfend impr\u00e4gniert, Verrottungsfest, UV Schutz 50+, Lichechtheit 6+. TexMa Olefin gr 190 qm spind\u00fcsengef\u00e4rbted, Wasserabsto\u00dfend impr\u00e4gniert, Verrottungsfest, Uv Schutz 50+, Lichtechtheit 7. TexMa Stoff kann f\u00fcr besonders Farben benutzen sein (T)<\/p>\n<p>GESTELL: Stock aus Aluminium 50&#215;78 mm, Aluminium Griff mit Sicherheit, T-Fu\u00df aus Stahl um 360\u00b0 drehbar. Das \u00d6ffnungssystem ohne Seilzug oder Kurbel ist Exclusivit\u00e4t von Maffei. Der Fu\u00df kann vor oder hinter des Stock platziert werden und kann R\u00e4der haben.<\/p>\n","protected":false},"excerpt":{"rendered":"<p>Art 467Q Trend Maffei cm 250&#215;250\/4<\/p>\n<p><a href=\"https:\/\/www.palarasol.it\/wp-content\/uploads\/2025\/03\/3-11-300x139.jpg\"><img decoding=\"async\" class=\"alignnone size-medium wp-image-82076\" src=\"https:\/\/www.palarasol.it\/wp-content\/uploads\/2025\/03\/3-11-300x139.jpg\" alt=\"\" width=\"300\" height=\"139\" srcset=\"https:\/\/www.palarasol.it\/wp-content\/uploads\/2025\/03\/3-11-300x139.jpg 300w, https:\/\/www.palarasol.it\/wp-content\/uploads\/2025\/03\/3-11-600x279.jpg 600w, https:\/\/www.palarasol.it\/wp-content\/uploads\/2025\/03\/3-11.jpg 667w\" sizes=\"(max-width: 300px) 100vw, 300px\" \/><\/a><\/p>\n<p>&nbsp;<\/p>\n","protected":false},"featured_media":85590,"template":"","meta":{"_acf_changed":false,"_monsterinsights_skip_tracking":false,"_monsterinsights_sitenote_active":false,"_monsterinsights_sitenote_note":"","_monsterinsights_sitenote_category":0},"product_brand":[],"product_cat":[563,508],"product_tag":[601,553,503,734,526,568,509,506,561],"class_list":{"0":"post-82040","1":"product","2":"type-product","3":"status-publish","4":"has-post-thumbnail","6":"product_cat-ampelschirme","7":"product_cat-sonnenschirme","8":"product_tag-eckiger-sonnenschirm","9":"product_tag-gross","10":"product_tag-made-in-italy-de","11":"product_tag-ombrelloni-maffei-de","12":"product_tag-polyester-de","13":"product_tag-sonnenschirm-fur-garten","14":"product_tag-sonnenschirme","15":"product_tag-uv-schutz","16":"product_tag-wasserabstosend-impragniert","18":"first","19":"instock","20":"shipping-taxable","21":"purchasable","22":"product-type-variable"},"acf":[],"yoast_head":"<!-- This site is optimized with the Yoast SEO plugin v27.5 - https:\/\/yoast.com\/product\/yoast-seo-wordpress\/ -->\n<title>Trend Ice 250x250\/4 - Palarasol<\/title>\n<meta name=\"description\" content=\"Klappbarer und kompakter Ampelschirm, Wei\u00dfes Gestell, \u00d6ffnung ohne Seil oder Kurbel, drehbar, T-Fu\u00df.\" \/>\n<meta name=\"robots\" content=\"index, follow, max-snippet:-1, max-image-preview:large, max-video-preview:-1\" \/>\n<link rel=\"canonical\" href=\"https:\/\/www.palarasol.it\/de\/shop\/sonnenschirme\/trend-ice-250x250-4\/\" \/>\n<meta property=\"og:locale\" content=\"de_DE\" \/>\n<meta property=\"og:type\" content=\"article\" \/>\n<meta property=\"og:title\" content=\"Trend Ice 250x250\/4 - Palarasol\" \/>\n<meta property=\"og:description\" content=\"Klappbarer und kompakter Ampelschirm, Wei\u00dfes Gestell, \u00d6ffnung ohne Seil oder Kurbel, drehbar, T-Fu\u00df.\" \/>\n<meta property=\"og:url\" content=\"https:\/\/www.palarasol.it\/de\/shop\/sonnenschirme\/trend-ice-250x250-4\/\" \/>\n<meta property=\"og:site_name\" content=\"Palarasol\" \/>\n<meta property=\"article:publisher\" content=\"https:\/\/www.facebook.com\/palarasol\" \/>\n<meta property=\"article:modified_time\" content=\"2025-03-27T08:28:20+00:00\" \/>\n<meta property=\"og:image\" content=\"https:\/\/www.palarasol.it\/wp-content\/uploads\/2025\/03\/trend-ice_467Q.jpg\" \/>\n\t<meta property=\"og:image:width\" content=\"1200\" \/>\n\t<meta property=\"og:image:height\" content=\"900\" \/>\n\t<meta property=\"og:image:type\" content=\"image\/jpeg\" \/>\n<meta name=\"twitter:card\" content=\"summary_large_image\" \/>\n<meta name=\"twitter:site\" content=\"@palarasol\" \/>\n<meta name=\"twitter:label1\" content=\"Gesch\u00e4tzte Lesezeit\" \/>\n\t<meta name=\"twitter:data1\" content=\"1\u00a0Minute\" \/>\n<script type=\"application\/ld+json\" class=\"yoast-schema-graph\">{\"@context\":\"https:\\\/\\\/schema.org\",\"@graph\":[{\"@type\":\"WebPage\",\"@id\":\"https:\\\/\\\/www.palarasol.it\\\/de\\\/shop\\\/sonnenschirme\\\/trend-ice-250x250-4\\\/\",\"url\":\"https:\\\/\\\/www.palarasol.it\\\/de\\\/shop\\\/sonnenschirme\\\/trend-ice-250x250-4\\\/\",\"name\":\"Trend Ice 250x250\\\/4 - Palarasol\",\"isPartOf\":{\"@id\":\"http:\\\/\\\/www.palarasol.it\\\/de\\\/#website\"},\"primaryImageOfPage\":{\"@id\":\"https:\\\/\\\/www.palarasol.it\\\/de\\\/shop\\\/sonnenschirme\\\/trend-ice-250x250-4\\\/#primaryimage\"},\"image\":{\"@id\":\"https:\\\/\\\/www.palarasol.it\\\/de\\\/shop\\\/sonnenschirme\\\/trend-ice-250x250-4\\\/#primaryimage\"},\"thumbnailUrl\":\"https:\\\/\\\/www.palarasol.it\\\/wp-content\\\/uploads\\\/2025\\\/03\\\/trend-ice_467Q.jpg\",\"datePublished\":\"2025-03-27T08:06:56+00:00\",\"dateModified\":\"2025-03-27T08:28:20+00:00\",\"description\":\"Klappbarer und kompakter Ampelschirm, Wei\u00dfes Gestell, \u00d6ffnung ohne Seil oder Kurbel, drehbar, T-Fu\u00df.\",\"breadcrumb\":{\"@id\":\"https:\\\/\\\/www.palarasol.it\\\/de\\\/shop\\\/sonnenschirme\\\/trend-ice-250x250-4\\\/#breadcrumb\"},\"inLanguage\":\"de\",\"potentialAction\":[{\"@type\":\"ReadAction\",\"target\":[\"https:\\\/\\\/www.palarasol.it\\\/de\\\/shop\\\/sonnenschirme\\\/trend-ice-250x250-4\\\/\"]}]},{\"@type\":\"ImageObject\",\"inLanguage\":\"de\",\"@id\":\"https:\\\/\\\/www.palarasol.it\\\/de\\\/shop\\\/sonnenschirme\\\/trend-ice-250x250-4\\\/#primaryimage\",\"url\":\"https:\\\/\\\/www.palarasol.it\\\/wp-content\\\/uploads\\\/2025\\\/03\\\/trend-ice_467Q.jpg\",\"contentUrl\":\"https:\\\/\\\/www.palarasol.it\\\/wp-content\\\/uploads\\\/2025\\\/03\\\/trend-ice_467Q.jpg\",\"width\":1200,\"height\":900,\"caption\":\"trend-ice_467Q\"},{\"@type\":\"BreadcrumbList\",\"@id\":\"https:\\\/\\\/www.palarasol.it\\\/de\\\/shop\\\/sonnenschirme\\\/trend-ice-250x250-4\\\/#breadcrumb\",\"itemListElement\":[{\"@type\":\"ListItem\",\"position\":1,\"name\":\"Home\",\"item\":\"https:\\\/\\\/www.palarasol.it\\\/de\\\/55761-2\\\/\"},{\"@type\":\"ListItem\",\"position\":2,\"name\":\"Shop\",\"item\":\"http:\\\/\\\/stagingpalara4.it\\\/negozio\\\/\"},{\"@type\":\"ListItem\",\"position\":3,\"name\":\"Sonnenschirme\",\"item\":\"https:\\\/\\\/www.palarasol.it\\\/de\\\/produkt-kategorie\\\/sonnenschirme\\\/\"},{\"@type\":\"ListItem\",\"position\":4,\"name\":\"Trend Ice 250&#215;250\\\/4\"}]},{\"@type\":\"WebSite\",\"@id\":\"http:\\\/\\\/www.palarasol.it\\\/de\\\/#website\",\"url\":\"http:\\\/\\\/www.palarasol.it\\\/de\\\/\",\"name\":\"Palarasol\",\"description\":\"\",\"publisher\":{\"@id\":\"http:\\\/\\\/www.palarasol.it\\\/de\\\/#organization\"},\"potentialAction\":[{\"@type\":\"SearchAction\",\"target\":{\"@type\":\"EntryPoint\",\"urlTemplate\":\"http:\\\/\\\/www.palarasol.it\\\/de\\\/?s={search_term_string}\"},\"query-input\":{\"@type\":\"PropertyValueSpecification\",\"valueRequired\":true,\"valueName\":\"search_term_string\"}}],\"inLanguage\":\"de\"},{\"@type\":\"Organization\",\"@id\":\"http:\\\/\\\/www.palarasol.it\\\/de\\\/#organization\",\"name\":\"Palara Gianluca & C. S.a.s\",\"url\":\"http:\\\/\\\/www.palarasol.it\\\/de\\\/\",\"logo\":{\"@type\":\"ImageObject\",\"inLanguage\":\"de\",\"@id\":\"http:\\\/\\\/www.palarasol.it\\\/de\\\/#\\\/schema\\\/logo\\\/image\\\/\",\"url\":\"https:\\\/\\\/stagingpalara4.it\\\/wp-content\\\/uploads\\\/2015\\\/06\\\/logo.png\",\"contentUrl\":\"https:\\\/\\\/stagingpalara4.it\\\/wp-content\\\/uploads\\\/2015\\\/06\\\/logo.png\",\"width\":800,\"height\":189,\"caption\":\"Palara Gianluca & C. S.a.s\"},\"image\":{\"@id\":\"http:\\\/\\\/www.palarasol.it\\\/de\\\/#\\\/schema\\\/logo\\\/image\\\/\"},\"sameAs\":[\"https:\\\/\\\/www.facebook.com\\\/palarasol\",\"https:\\\/\\\/x.com\\\/palarasol\"]}]}<\/script>\n<!-- \/ Yoast SEO plugin. -->","yoast_head_json":{"title":"Trend Ice 250x250\/4 - Palarasol","description":"Klappbarer und kompakter Ampelschirm, Wei\u00dfes Gestell, \u00d6ffnung ohne Seil oder Kurbel, drehbar, T-Fu\u00df.","robots":{"index":"index","follow":"follow","max-snippet":"max-snippet:-1","max-image-preview":"max-image-preview:large","max-video-preview":"max-video-preview:-1"},"canonical":"https:\/\/www.palarasol.it\/de\/shop\/sonnenschirme\/trend-ice-250x250-4\/","og_locale":"de_DE","og_type":"article","og_title":"Trend Ice 250x250\/4 - Palarasol","og_description":"Klappbarer und kompakter Ampelschirm, Wei\u00dfes Gestell, \u00d6ffnung ohne Seil oder Kurbel, drehbar, T-Fu\u00df.","og_url":"https:\/\/www.palarasol.it\/de\/shop\/sonnenschirme\/trend-ice-250x250-4\/","og_site_name":"Palarasol","article_publisher":"https:\/\/www.facebook.com\/palarasol","article_modified_time":"2025-03-27T08:28:20+00:00","og_image":[{"width":1200,"height":900,"url":"https:\/\/www.palarasol.it\/wp-content\/uploads\/2025\/03\/trend-ice_467Q.jpg","type":"image\/jpeg"}],"twitter_card":"summary_large_image","twitter_site":"@palarasol","twitter_misc":{"Gesch\u00e4tzte Lesezeit":"1\u00a0Minute"},"schema":{"@context":"https:\/\/schema.org","@graph":[{"@type":"WebPage","@id":"https:\/\/www.palarasol.it\/de\/shop\/sonnenschirme\/trend-ice-250x250-4\/","url":"https:\/\/www.palarasol.it\/de\/shop\/sonnenschirme\/trend-ice-250x250-4\/","name":"Trend Ice 250x250\/4 - Palarasol","isPartOf":{"@id":"http:\/\/www.palarasol.it\/de\/#website"},"primaryImageOfPage":{"@id":"https:\/\/www.palarasol.it\/de\/shop\/sonnenschirme\/trend-ice-250x250-4\/#primaryimage"},"image":{"@id":"https:\/\/www.palarasol.it\/de\/shop\/sonnenschirme\/trend-ice-250x250-4\/#primaryimage"},"thumbnailUrl":"https:\/\/www.palarasol.it\/wp-content\/uploads\/2025\/03\/trend-ice_467Q.jpg","datePublished":"2025-03-27T08:06:56+00:00","dateModified":"2025-03-27T08:28:20+00:00","description":"Klappbarer und kompakter Ampelschirm, Wei\u00dfes Gestell, \u00d6ffnung ohne Seil oder Kurbel, drehbar, T-Fu\u00df.","breadcrumb":{"@id":"https:\/\/www.palarasol.it\/de\/shop\/sonnenschirme\/trend-ice-250x250-4\/#breadcrumb"},"inLanguage":"de","potentialAction":[{"@type":"ReadAction","target":["https:\/\/www.palarasol.it\/de\/shop\/sonnenschirme\/trend-ice-250x250-4\/"]}]},{"@type":"ImageObject","inLanguage":"de","@id":"https:\/\/www.palarasol.it\/de\/shop\/sonnenschirme\/trend-ice-250x250-4\/#primaryimage","url":"https:\/\/www.palarasol.it\/wp-content\/uploads\/2025\/03\/trend-ice_467Q.jpg","contentUrl":"https:\/\/www.palarasol.it\/wp-content\/uploads\/2025\/03\/trend-ice_467Q.jpg","width":1200,"height":900,"caption":"trend-ice_467Q"},{"@type":"BreadcrumbList","@id":"https:\/\/www.palarasol.it\/de\/shop\/sonnenschirme\/trend-ice-250x250-4\/#breadcrumb","itemListElement":[{"@type":"ListItem","position":1,"name":"Home","item":"https:\/\/www.palarasol.it\/de\/55761-2\/"},{"@type":"ListItem","position":2,"name":"Shop","item":"http:\/\/stagingpalara4.it\/negozio\/"},{"@type":"ListItem","position":3,"name":"Sonnenschirme","item":"https:\/\/www.palarasol.it\/de\/produkt-kategorie\/sonnenschirme\/"},{"@type":"ListItem","position":4,"name":"Trend Ice 250&#215;250\/4"}]},{"@type":"WebSite","@id":"http:\/\/www.palarasol.it\/de\/#website","url":"http:\/\/www.palarasol.it\/de\/","name":"Palarasol","description":"","publisher":{"@id":"http:\/\/www.palarasol.it\/de\/#organization"},"potentialAction":[{"@type":"SearchAction","target":{"@type":"EntryPoint","urlTemplate":"http:\/\/www.palarasol.it\/de\/?s={search_term_string}"},"query-input":{"@type":"PropertyValueSpecification","valueRequired":true,"valueName":"search_term_string"}}],"inLanguage":"de"},{"@type":"Organization","@id":"http:\/\/www.palarasol.it\/de\/#organization","name":"Palara Gianluca & C. S.a.s","url":"http:\/\/www.palarasol.it\/de\/","logo":{"@type":"ImageObject","inLanguage":"de","@id":"http:\/\/www.palarasol.it\/de\/#\/schema\/logo\/image\/","url":"https:\/\/stagingpalara4.it\/wp-content\/uploads\/2015\/06\/logo.png","contentUrl":"https:\/\/stagingpalara4.it\/wp-content\/uploads\/2015\/06\/logo.png","width":800,"height":189,"caption":"Palara Gianluca & C. S.a.s"},"image":{"@id":"http:\/\/www.palarasol.it\/de\/#\/schema\/logo\/image\/"},"sameAs":["https:\/\/www.facebook.com\/palarasol","https:\/\/x.com\/palarasol"]}]}},"_links":{"self":[{"href":"https:\/\/www.palarasol.it\/de\/wp-json\/wp\/v2\/product\/82040","targetHints":{"allow":["GET"]}}],"collection":[{"href":"https:\/\/www.palarasol.it\/de\/wp-json\/wp\/v2\/product"}],"about":[{"href":"https:\/\/www.palarasol.it\/de\/wp-json\/wp\/v2\/types\/product"}],"version-history":[{"count":0,"href":"https:\/\/www.palarasol.it\/de\/wp-json\/wp\/v2\/product\/82040\/revisions"}],"wp:featuredmedia":[{"embeddable":true,"href":"https:\/\/www.palarasol.it\/de\/wp-json\/wp\/v2\/media\/85590"}],"wp:attachment":[{"href":"https:\/\/www.palarasol.it\/de\/wp-json\/wp\/v2\/media?parent=82040"}],"wp:term":[{"taxonomy":"product_brand","embeddable":true,"href":"https:\/\/www.palarasol.it\/de\/wp-json\/wp\/v2\/product_brand?post=82040"},{"taxonomy":"product_cat","embeddable":true,"href":"https:\/\/www.palarasol.it\/de\/wp-json\/wp\/v2\/product_cat?post=82040"},{"taxonomy":"product_tag","embeddable":true,"href":"https:\/\/www.palarasol.it\/de\/wp-json\/wp\/v2\/product_tag?post=82040"}],"curies":[{"name":"wp","href":"https:\/\/api.w.org\/{rel}","templated":true}]}}