{"id":75928,"date":"2015-06-29T16:51:10","date_gmt":"2015-06-29T14:51:10","guid":{"rendered":"https:\/\/stagingpalara4.it\/shop\/non%20class\u00e9\/allegro-250x250-cm\/"},"modified":"2021-04-08T11:27:22","modified_gmt":"2021-04-08T09:27:22","slug":"allegro-carre","status":"publish","type":"product","link":"https:\/\/www.palarasol.it\/fr\/shop\/parasols-fr\/allegro-carre\/","title":{"rendered":"Allegro 250&#215;250 cm"},"content":{"rendered":"<p><strong>Mat\u00e9riel:<\/strong> 100% acrylique dralon g 190 finition soleil ou polyester PolyMa 210 g imperm\u00e9able * (couleurs blanc, \u00e9cru, taupe et vert)<br \/>\n<strong>R\u00e9sistance des couleurs \u00e0 la lumi\u00e8re<\/strong>: 5-7<br \/>\nProtection UV 50+<br \/>\nMesure 250&#215;250 cm<br \/>\nHauteur 250 cm<br \/>\nLacet de fermeture<br \/>\nLambrequins<\/p>\n<p><strong>Cadre:<\/strong> MAFFEI LATO est le cadre typique de Maffei.<br \/>\nIl est tr\u00e8s compact, facile \u00e0 utiliser, l\u00e9ger mais solide. Sa particularit\u00e9 est l&rsquo;ouverture sans cordes ni manivelles, ce qui la rend fiable dans le temps. Le cadre peut pivoter \u00e0 360 \u00b0 et fonctionne parfaitement que la base soit plac\u00e9e derri\u00e8re ou devant le poteau.<br \/>\nIl est r\u00e9tractable et lorsqu&rsquo;il est ferm\u00e9, il se r\u00e9tracte pr\u00e8s du poteau<\/p>\n<p><strong>Housse de protection incluse<\/strong><br \/>\nFabriqu\u00e9 en Italie.<\/p>\n<p><strong>Base INCLUS<\/strong> , carreaux de base EXCLUS<\/p>\n<p>Poids par base&gt; 40 kg<\/p>\n","protected":false},"excerpt":{"rendered":"<p>Art 87Q Allegro Maffei &#8211; cm 260&#215;260 \/ 4 h 250<\/p>\n<p><a href=\"https:\/\/stagingpalara4.it\/wp-content\/uploads\/2015\/06\/schema-87q.png\"><img decoding=\"async\" class=\"alignnone wp-image-6405\" src=\"https:\/\/stagingpalara4.it\/wp-content\/uploads\/2015\/06\/schema-87q.png\" alt=\"sch\u00e9ma 87q\" width=\"150\" height=\"80\"\/><\/a><\/p>\n","protected":false},"featured_media":75918,"template":"","meta":{"_acf_changed":false,"_monsterinsights_skip_tracking":false,"_monsterinsights_sitenote_active":false,"_monsterinsights_sitenote_note":"","_monsterinsights_sitenote_category":0},"product_brand":[],"product_cat":[440,467],"product_tag":[],"class_list":{"0":"post-75928","1":"product","2":"type-product","3":"status-publish","4":"has-post-thumbnail","6":"product_cat-parasols-fr","7":"product_cat-parasols-grands-deportes","9":"first","10":"instock","11":"shipping-taxable","12":"purchasable","13":"product-type-variable"},"acf":[],"yoast_head":"<!-- This site is optimized with the Yoast SEO plugin v27.5 - https:\/\/yoast.com\/product\/yoast-seo-wordpress\/ -->\n<title>Allegro Parasol - Fabriqu\u00e9 en Italie - Palarasol<\/title>\n<meta name=\"description\" content=\"Allegro Parasol c\u00f4t\u00e9 carr\u00e9 - Made in Italy - Mesure 260x260 cm Hauteur 250 cm - Disponible en 6 couleurs - Tr\u00e8s bonne protection UV\" \/>\n<meta name=\"robots\" content=\"index, follow, max-snippet:-1, max-image-preview:large, max-video-preview:-1\" \/>\n<link rel=\"canonical\" href=\"https:\/\/www.palarasol.it\/fr\/shop\/parasols-fr\/allegro-carre\/\" \/>\n<meta property=\"og:locale\" content=\"fr_FR\" \/>\n<meta property=\"og:type\" content=\"article\" \/>\n<meta property=\"og:title\" content=\"Allegro Parasol - Fabriqu\u00e9 en Italie - Palarasol\" \/>\n<meta property=\"og:description\" content=\"Allegro Parasol c\u00f4t\u00e9 carr\u00e9 - Made in Italy - Mesure 260x260 cm Hauteur 250 cm - Disponible en 6 couleurs - Tr\u00e8s bonne protection UV\" \/>\n<meta property=\"og:url\" content=\"https:\/\/www.palarasol.it\/fr\/shop\/parasols-fr\/allegro-carre\/\" \/>\n<meta property=\"og:site_name\" content=\"Palarasol\" \/>\n<meta property=\"article:publisher\" content=\"https:\/\/www.facebook.com\/palarasol\" \/>\n<meta property=\"article:modified_time\" content=\"2021-04-08T09:27:22+00:00\" \/>\n<meta property=\"og:image\" content=\"https:\/\/www.palarasol.it\/wp-content\/uploads\/2015\/06\/IMG_8749_taupe3.jpg\" \/>\n\t<meta property=\"og:image:width\" content=\"1201\" \/>\n\t<meta property=\"og:image:height\" content=\"800\" \/>\n\t<meta property=\"og:image:type\" content=\"image\/jpeg\" \/>\n<meta name=\"twitter:card\" content=\"summary_large_image\" \/>\n<meta name=\"twitter:site\" content=\"@palarasol\" \/>\n<meta name=\"twitter:label1\" content=\"Dur\u00e9e de lecture estim\u00e9e\" \/>\n\t<meta name=\"twitter:data1\" content=\"1 minute\" \/>\n<script type=\"application\/ld+json\" class=\"yoast-schema-graph\">{\"@context\":\"https:\\\/\\\/schema.org\",\"@graph\":[{\"@type\":\"WebPage\",\"@id\":\"https:\\\/\\\/www.palarasol.it\\\/fr\\\/shop\\\/parasols-fr\\\/allegro-carre\\\/\",\"url\":\"https:\\\/\\\/www.palarasol.it\\\/fr\\\/shop\\\/parasols-fr\\\/allegro-carre\\\/\",\"name\":\"Allegro Parasol - Fabriqu\u00e9 en Italie - Palarasol\",\"isPartOf\":{\"@id\":\"http:\\\/\\\/www.palarasol.it\\\/fr\\\/#website\"},\"primaryImageOfPage\":{\"@id\":\"https:\\\/\\\/www.palarasol.it\\\/fr\\\/shop\\\/parasols-fr\\\/allegro-carre\\\/#primaryimage\"},\"image\":{\"@id\":\"https:\\\/\\\/www.palarasol.it\\\/fr\\\/shop\\\/parasols-fr\\\/allegro-carre\\\/#primaryimage\"},\"thumbnailUrl\":\"https:\\\/\\\/www.palarasol.it\\\/wp-content\\\/uploads\\\/2015\\\/06\\\/IMG_8749_taupe3.jpg\",\"datePublished\":\"2015-06-29T14:51:10+00:00\",\"dateModified\":\"2021-04-08T09:27:22+00:00\",\"description\":\"Allegro Parasol c\u00f4t\u00e9 carr\u00e9 - Made in Italy - Mesure 260x260 cm Hauteur 250 cm - Disponible en 6 couleurs - Tr\u00e8s bonne protection UV\",\"breadcrumb\":{\"@id\":\"https:\\\/\\\/www.palarasol.it\\\/fr\\\/shop\\\/parasols-fr\\\/allegro-carre\\\/#breadcrumb\"},\"inLanguage\":\"fr-FR\",\"potentialAction\":[{\"@type\":\"ReadAction\",\"target\":[\"https:\\\/\\\/www.palarasol.it\\\/fr\\\/shop\\\/parasols-fr\\\/allegro-carre\\\/\"]}]},{\"@type\":\"ImageObject\",\"inLanguage\":\"fr-FR\",\"@id\":\"https:\\\/\\\/www.palarasol.it\\\/fr\\\/shop\\\/parasols-fr\\\/allegro-carre\\\/#primaryimage\",\"url\":\"https:\\\/\\\/www.palarasol.it\\\/wp-content\\\/uploads\\\/2015\\\/06\\\/IMG_8749_taupe3.jpg\",\"contentUrl\":\"https:\\\/\\\/www.palarasol.it\\\/wp-content\\\/uploads\\\/2015\\\/06\\\/IMG_8749_taupe3.jpg\",\"width\":1201,\"height\":800,\"caption\":\"Allegro -art87-Maffei\"},{\"@type\":\"BreadcrumbList\",\"@id\":\"https:\\\/\\\/www.palarasol.it\\\/fr\\\/shop\\\/parasols-fr\\\/allegro-carre\\\/#breadcrumb\",\"itemListElement\":[{\"@type\":\"ListItem\",\"position\":1,\"name\":\"Home\",\"item\":\"https:\\\/\\\/www.palarasol.it\\\/fr\\\/10073-2\\\/\"},{\"@type\":\"ListItem\",\"position\":2,\"name\":\"Shop\",\"item\":\"http:\\\/\\\/stagingpalara4.it\\\/negozio\\\/\"},{\"@type\":\"ListItem\",\"position\":3,\"name\":\"Parasols grands d\u00e9port\u00e9s\",\"item\":\"https:\\\/\\\/www.palarasol.it\\\/fr\\\/categorie-produit\\\/parasols-grands-deportes\\\/\"},{\"@type\":\"ListItem\",\"position\":4,\"name\":\"Allegro 250&#215;250 cm\"}]},{\"@type\":\"WebSite\",\"@id\":\"http:\\\/\\\/www.palarasol.it\\\/fr\\\/#website\",\"url\":\"http:\\\/\\\/www.palarasol.it\\\/fr\\\/\",\"name\":\"Palarasol\",\"description\":\"\",\"publisher\":{\"@id\":\"http:\\\/\\\/www.palarasol.it\\\/fr\\\/#organization\"},\"potentialAction\":[{\"@type\":\"SearchAction\",\"target\":{\"@type\":\"EntryPoint\",\"urlTemplate\":\"http:\\\/\\\/www.palarasol.it\\\/fr\\\/?s={search_term_string}\"},\"query-input\":{\"@type\":\"PropertyValueSpecification\",\"valueRequired\":true,\"valueName\":\"search_term_string\"}}],\"inLanguage\":\"fr-FR\"},{\"@type\":\"Organization\",\"@id\":\"http:\\\/\\\/www.palarasol.it\\\/fr\\\/#organization\",\"name\":\"Palara Gianluca & C. S.a.s\",\"url\":\"http:\\\/\\\/www.palarasol.it\\\/fr\\\/\",\"logo\":{\"@type\":\"ImageObject\",\"inLanguage\":\"fr-FR\",\"@id\":\"http:\\\/\\\/www.palarasol.it\\\/fr\\\/#\\\/schema\\\/logo\\\/image\\\/\",\"url\":\"https:\\\/\\\/stagingpalara4.it\\\/wp-content\\\/uploads\\\/2015\\\/06\\\/logo.png\",\"contentUrl\":\"https:\\\/\\\/stagingpalara4.it\\\/wp-content\\\/uploads\\\/2015\\\/06\\\/logo.png\",\"width\":800,\"height\":189,\"caption\":\"Palara Gianluca & C. S.a.s\"},\"image\":{\"@id\":\"http:\\\/\\\/www.palarasol.it\\\/fr\\\/#\\\/schema\\\/logo\\\/image\\\/\"},\"sameAs\":[\"https:\\\/\\\/www.facebook.com\\\/palarasol\",\"https:\\\/\\\/x.com\\\/palarasol\"]}]}<\/script>\n<!-- \/ Yoast SEO plugin. -->","yoast_head_json":{"title":"Allegro Parasol - Fabriqu\u00e9 en Italie - Palarasol","description":"Allegro Parasol c\u00f4t\u00e9 carr\u00e9 - Made in Italy - Mesure 260x260 cm Hauteur 250 cm - Disponible en 6 couleurs - Tr\u00e8s bonne protection UV","robots":{"index":"index","follow":"follow","max-snippet":"max-snippet:-1","max-image-preview":"max-image-preview:large","max-video-preview":"max-video-preview:-1"},"canonical":"https:\/\/www.palarasol.it\/fr\/shop\/parasols-fr\/allegro-carre\/","og_locale":"fr_FR","og_type":"article","og_title":"Allegro Parasol - Fabriqu\u00e9 en Italie - Palarasol","og_description":"Allegro Parasol c\u00f4t\u00e9 carr\u00e9 - Made in Italy - Mesure 260x260 cm Hauteur 250 cm - Disponible en 6 couleurs - Tr\u00e8s bonne protection UV","og_url":"https:\/\/www.palarasol.it\/fr\/shop\/parasols-fr\/allegro-carre\/","og_site_name":"Palarasol","article_publisher":"https:\/\/www.facebook.com\/palarasol","article_modified_time":"2021-04-08T09:27:22+00:00","og_image":[{"width":1201,"height":800,"url":"https:\/\/www.palarasol.it\/wp-content\/uploads\/2015\/06\/IMG_8749_taupe3.jpg","type":"image\/jpeg"}],"twitter_card":"summary_large_image","twitter_site":"@palarasol","twitter_misc":{"Dur\u00e9e de lecture estim\u00e9e":"1 minute"},"schema":{"@context":"https:\/\/schema.org","@graph":[{"@type":"WebPage","@id":"https:\/\/www.palarasol.it\/fr\/shop\/parasols-fr\/allegro-carre\/","url":"https:\/\/www.palarasol.it\/fr\/shop\/parasols-fr\/allegro-carre\/","name":"Allegro Parasol - Fabriqu\u00e9 en Italie - Palarasol","isPartOf":{"@id":"http:\/\/www.palarasol.it\/fr\/#website"},"primaryImageOfPage":{"@id":"https:\/\/www.palarasol.it\/fr\/shop\/parasols-fr\/allegro-carre\/#primaryimage"},"image":{"@id":"https:\/\/www.palarasol.it\/fr\/shop\/parasols-fr\/allegro-carre\/#primaryimage"},"thumbnailUrl":"https:\/\/www.palarasol.it\/wp-content\/uploads\/2015\/06\/IMG_8749_taupe3.jpg","datePublished":"2015-06-29T14:51:10+00:00","dateModified":"2021-04-08T09:27:22+00:00","description":"Allegro Parasol c\u00f4t\u00e9 carr\u00e9 - Made in Italy - Mesure 260x260 cm Hauteur 250 cm - Disponible en 6 couleurs - Tr\u00e8s bonne protection UV","breadcrumb":{"@id":"https:\/\/www.palarasol.it\/fr\/shop\/parasols-fr\/allegro-carre\/#breadcrumb"},"inLanguage":"fr-FR","potentialAction":[{"@type":"ReadAction","target":["https:\/\/www.palarasol.it\/fr\/shop\/parasols-fr\/allegro-carre\/"]}]},{"@type":"ImageObject","inLanguage":"fr-FR","@id":"https:\/\/www.palarasol.it\/fr\/shop\/parasols-fr\/allegro-carre\/#primaryimage","url":"https:\/\/www.palarasol.it\/wp-content\/uploads\/2015\/06\/IMG_8749_taupe3.jpg","contentUrl":"https:\/\/www.palarasol.it\/wp-content\/uploads\/2015\/06\/IMG_8749_taupe3.jpg","width":1201,"height":800,"caption":"Allegro -art87-Maffei"},{"@type":"BreadcrumbList","@id":"https:\/\/www.palarasol.it\/fr\/shop\/parasols-fr\/allegro-carre\/#breadcrumb","itemListElement":[{"@type":"ListItem","position":1,"name":"Home","item":"https:\/\/www.palarasol.it\/fr\/10073-2\/"},{"@type":"ListItem","position":2,"name":"Shop","item":"http:\/\/stagingpalara4.it\/negozio\/"},{"@type":"ListItem","position":3,"name":"Parasols grands d\u00e9port\u00e9s","item":"https:\/\/www.palarasol.it\/fr\/categorie-produit\/parasols-grands-deportes\/"},{"@type":"ListItem","position":4,"name":"Allegro 250&#215;250 cm"}]},{"@type":"WebSite","@id":"http:\/\/www.palarasol.it\/fr\/#website","url":"http:\/\/www.palarasol.it\/fr\/","name":"Palarasol","description":"","publisher":{"@id":"http:\/\/www.palarasol.it\/fr\/#organization"},"potentialAction":[{"@type":"SearchAction","target":{"@type":"EntryPoint","urlTemplate":"http:\/\/www.palarasol.it\/fr\/?s={search_term_string}"},"query-input":{"@type":"PropertyValueSpecification","valueRequired":true,"valueName":"search_term_string"}}],"inLanguage":"fr-FR"},{"@type":"Organization","@id":"http:\/\/www.palarasol.it\/fr\/#organization","name":"Palara Gianluca & C. S.a.s","url":"http:\/\/www.palarasol.it\/fr\/","logo":{"@type":"ImageObject","inLanguage":"fr-FR","@id":"http:\/\/www.palarasol.it\/fr\/#\/schema\/logo\/image\/","url":"https:\/\/stagingpalara4.it\/wp-content\/uploads\/2015\/06\/logo.png","contentUrl":"https:\/\/stagingpalara4.it\/wp-content\/uploads\/2015\/06\/logo.png","width":800,"height":189,"caption":"Palara Gianluca & C. S.a.s"},"image":{"@id":"http:\/\/www.palarasol.it\/fr\/#\/schema\/logo\/image\/"},"sameAs":["https:\/\/www.facebook.com\/palarasol","https:\/\/x.com\/palarasol"]}]}},"_links":{"self":[{"href":"https:\/\/www.palarasol.it\/fr\/wp-json\/wp\/v2\/product\/75928","targetHints":{"allow":["GET"]}}],"collection":[{"href":"https:\/\/www.palarasol.it\/fr\/wp-json\/wp\/v2\/product"}],"about":[{"href":"https:\/\/www.palarasol.it\/fr\/wp-json\/wp\/v2\/types\/product"}],"version-history":[{"count":0,"href":"https:\/\/www.palarasol.it\/fr\/wp-json\/wp\/v2\/product\/75928\/revisions"}],"wp:featuredmedia":[{"embeddable":true,"href":"https:\/\/www.palarasol.it\/fr\/wp-json\/wp\/v2\/media\/75918"}],"wp:attachment":[{"href":"https:\/\/www.palarasol.it\/fr\/wp-json\/wp\/v2\/media?parent=75928"}],"wp:term":[{"taxonomy":"product_brand","embeddable":true,"href":"https:\/\/www.palarasol.it\/fr\/wp-json\/wp\/v2\/product_brand?post=75928"},{"taxonomy":"product_cat","embeddable":true,"href":"https:\/\/www.palarasol.it\/fr\/wp-json\/wp\/v2\/product_cat?post=75928"},{"taxonomy":"product_tag","embeddable":true,"href":"https:\/\/www.palarasol.it\/fr\/wp-json\/wp\/v2\/product_tag?post=75928"}],"curies":[{"name":"wp","href":"https:\/\/api.w.org\/{rel}","templated":true}]}}