{"id":76011,"date":"2015-06-29T17:45:51","date_gmt":"2015-06-29T15:45:51","guid":{"rendered":"https:\/\/stagingpalara4.it\/shop\/non%20class\u00e9\/allegro-300x200-cm\/"},"modified":"2021-04-08T11:27:35","modified_gmt":"2021-04-08T09:27:35","slug":"joyeux-rectangulaire","status":"publish","type":"product","link":"https:\/\/www.palarasol.it\/fr\/shop\/parasols-fr\/joyeux-rectangulaire\/","title":{"rendered":"Allegro 300&#215;200 cm"},"content":{"rendered":"<p><strong>Mat\u00e9riel:<\/strong> 100% acrylique dralon g 190 finition soleil ou polyester PolyMa 210 g imperm\u00e9able * (couleurs blanc, \u00e9cru, taupe et vert)<br \/>\n<strong>R\u00e9sistance des couleurs \u00e0 la lumi\u00e8re<\/strong>: 5-7<br \/>\nProtection UV 50+<br \/>\n<strong>Taille<\/strong> 300&#215;200 cm<br \/>\n<strong>Hauteur<\/strong> 250 cm<br \/>\nLacet de fermeture<br \/>\nLambrequins<\/p>\n<p><strong>Cadre:<\/strong> MAFFEI LATO est le cadre typique de Maffei.<br \/>\nIl est tr\u00e8s compact, facile \u00e0 utiliser, l\u00e9ger mais solide. Sa particularit\u00e9 est l&rsquo;ouverture sans cordes ni manivelles, ce qui la rend fiable dans le temps. Le cadre peut pivoter \u00e0 360 \u00b0 et fonctionne parfaitement que la base soit plac\u00e9e derri\u00e8re ou devant le poteau.<br \/>\nIl est r\u00e9tractable et lorsqu&rsquo;il est ferm\u00e9, il se r\u00e9tracte pr\u00e8s du poteau<\/p>\n<p><strong>Housse de protection incluse<\/strong><br \/>\nFabriqu\u00e9 en Italie.<br \/>\nOreillers coordonn\u00e9s disponibles<\/p>\n<p><strong>Base INCLUS<\/strong> , carreaux de base EXCLUS<\/p>\n<p>Poids par base&gt; 40 kg<\/p>\n<p>&nbsp;<\/p>\n","protected":false},"excerpt":{"rendered":"<p>Art 87r Allegro cm 300&#215;200 \/ 4 h 250<\/p>\n<p><a href=\"https:\/\/stagingpalara4.it\/wp-content\/uploads\/2015\/06\/schema-87r.jpg\"><img decoding=\"async\" class=\"alignnone wp-image-6584\" src=\"https:\/\/stagingpalara4.it\/wp-content\/uploads\/2015\/06\/schema-87r-300x152.jpg\" alt=\"diagramme-87r\" width=\"158\" height=\"80\" srcset=\"https:\/\/www.palarasol.it\/wp-content\/uploads\/2015\/06\/schema-87r-300x152.jpg 300w, https:\/\/www.palarasol.it\/wp-content\/uploads\/2015\/06\/schema-87r.jpg 351w\" sizes=\"(max-width: 158px) 100vw, 158px\" \/><\/a><\/p>\n","protected":false},"featured_media":75989,"template":"","meta":{"_acf_changed":false,"_monsterinsights_skip_tracking":false,"_monsterinsights_sitenote_active":false,"_monsterinsights_sitenote_note":"","_monsterinsights_sitenote_category":0},"product_brand":[],"product_cat":[440,467],"product_tag":[468,449,436,470,747,435,1009,469],"class_list":{"0":"post-76011","1":"product","2":"type-product","3":"status-publish","4":"has-post-thumbnail","6":"product_cat-parasols-fr","7":"product_cat-parasols-grands-deportes","8":"product_tag-deporte","9":"product_tag-dralon-fr","10":"product_tag-fabrique-en-italie","11":"product_tag-inclinaison","12":"product_tag-parapluies-maffei","13":"product_tag-parasol-fr","14":"product_tag-protection-u","15":"product_tag-tournable","17":"first","18":"instock","19":"shipping-taxable","20":"purchasable","21":"product-type-variable"},"acf":[],"yoast_head":"<!-- This site is optimized with the Yoast SEO plugin v27.5 - https:\/\/yoast.com\/product\/yoast-seo-wordpress\/ -->\n<title>Allegro 300x200 cm - Palarasol<\/title>\n<meta name=\"description\" content=\"Parapluie lat\u00e9ral avec volants Art 87r Allegro cm 300x200 \/ 4 h 250. Fabriqu\u00e9 en Italie. Mat\u00e9riau: acrylique dralon solidit\u00e9 de la couleur \u00e0 la lumi\u00e8re: 6\/8\" \/>\n<meta name=\"robots\" content=\"index, follow, max-snippet:-1, max-image-preview:large, max-video-preview:-1\" \/>\n<link rel=\"canonical\" href=\"https:\/\/www.palarasol.it\/fr\/shop\/parasols-fr\/joyeux-rectangulaire\/\" \/>\n<meta property=\"og:locale\" content=\"fr_FR\" \/>\n<meta property=\"og:type\" content=\"article\" \/>\n<meta property=\"og:title\" content=\"Allegro 300x200 cm - Palarasol\" \/>\n<meta property=\"og:description\" content=\"Parapluie lat\u00e9ral avec volants Art 87r Allegro cm 300x200 \/ 4 h 250. Fabriqu\u00e9 en Italie. Mat\u00e9riau: acrylique dralon solidit\u00e9 de la couleur \u00e0 la lumi\u00e8re: 6\/8\" \/>\n<meta property=\"og:url\" content=\"https:\/\/www.palarasol.it\/fr\/shop\/parasols-fr\/joyeux-rectangulaire\/\" \/>\n<meta property=\"og:site_name\" content=\"Palarasol\" \/>\n<meta property=\"article:publisher\" content=\"https:\/\/www.facebook.com\/palarasol\" \/>\n<meta property=\"article:modified_time\" content=\"2021-04-08T09:27:35+00:00\" \/>\n<meta property=\"og:image\" content=\"https:\/\/www.palarasol.it\/wp-content\/uploads\/2015\/06\/IMG_8796_rosso2.jpg\" \/>\n\t<meta property=\"og:image:width\" content=\"1201\" \/>\n\t<meta property=\"og:image:height\" content=\"800\" \/>\n\t<meta property=\"og:image:type\" content=\"image\/jpeg\" \/>\n<meta name=\"twitter:card\" content=\"summary_large_image\" \/>\n<meta name=\"twitter:site\" content=\"@palarasol\" \/>\n<meta name=\"twitter:label1\" content=\"Dur\u00e9e de lecture estim\u00e9e\" \/>\n\t<meta name=\"twitter:data1\" content=\"1 minute\" \/>\n<script type=\"application\/ld+json\" class=\"yoast-schema-graph\">{\"@context\":\"https:\\\/\\\/schema.org\",\"@graph\":[{\"@type\":\"WebPage\",\"@id\":\"https:\\\/\\\/www.palarasol.it\\\/fr\\\/shop\\\/parasols-fr\\\/joyeux-rectangulaire\\\/\",\"url\":\"https:\\\/\\\/www.palarasol.it\\\/fr\\\/shop\\\/parasols-fr\\\/joyeux-rectangulaire\\\/\",\"name\":\"Allegro 300x200 cm - Palarasol\",\"isPartOf\":{\"@id\":\"http:\\\/\\\/www.palarasol.it\\\/fr\\\/#website\"},\"primaryImageOfPage\":{\"@id\":\"https:\\\/\\\/www.palarasol.it\\\/fr\\\/shop\\\/parasols-fr\\\/joyeux-rectangulaire\\\/#primaryimage\"},\"image\":{\"@id\":\"https:\\\/\\\/www.palarasol.it\\\/fr\\\/shop\\\/parasols-fr\\\/joyeux-rectangulaire\\\/#primaryimage\"},\"thumbnailUrl\":\"https:\\\/\\\/www.palarasol.it\\\/wp-content\\\/uploads\\\/2015\\\/06\\\/IMG_8796_rosso2.jpg\",\"datePublished\":\"2015-06-29T15:45:51+00:00\",\"dateModified\":\"2021-04-08T09:27:35+00:00\",\"description\":\"Parapluie lat\u00e9ral avec volants Art 87r Allegro cm 300x200 \\\/ 4 h 250. Fabriqu\u00e9 en Italie. Mat\u00e9riau: acrylique dralon solidit\u00e9 de la couleur \u00e0 la lumi\u00e8re: 6\\\/8\",\"breadcrumb\":{\"@id\":\"https:\\\/\\\/www.palarasol.it\\\/fr\\\/shop\\\/parasols-fr\\\/joyeux-rectangulaire\\\/#breadcrumb\"},\"inLanguage\":\"fr-FR\",\"potentialAction\":[{\"@type\":\"ReadAction\",\"target\":[\"https:\\\/\\\/www.palarasol.it\\\/fr\\\/shop\\\/parasols-fr\\\/joyeux-rectangulaire\\\/\"]}]},{\"@type\":\"ImageObject\",\"inLanguage\":\"fr-FR\",\"@id\":\"https:\\\/\\\/www.palarasol.it\\\/fr\\\/shop\\\/parasols-fr\\\/joyeux-rectangulaire\\\/#primaryimage\",\"url\":\"https:\\\/\\\/www.palarasol.it\\\/wp-content\\\/uploads\\\/2015\\\/06\\\/IMG_8796_rosso2.jpg\",\"contentUrl\":\"https:\\\/\\\/www.palarasol.it\\\/wp-content\\\/uploads\\\/2015\\\/06\\\/IMG_8796_rosso2.jpg\",\"width\":1201,\"height\":800,\"caption\":\"Allegro -art87-Maffei\"},{\"@type\":\"BreadcrumbList\",\"@id\":\"https:\\\/\\\/www.palarasol.it\\\/fr\\\/shop\\\/parasols-fr\\\/joyeux-rectangulaire\\\/#breadcrumb\",\"itemListElement\":[{\"@type\":\"ListItem\",\"position\":1,\"name\":\"Home\",\"item\":\"https:\\\/\\\/www.palarasol.it\\\/fr\\\/10073-2\\\/\"},{\"@type\":\"ListItem\",\"position\":2,\"name\":\"Shop\",\"item\":\"http:\\\/\\\/stagingpalara4.it\\\/negozio\\\/\"},{\"@type\":\"ListItem\",\"position\":3,\"name\":\"Parasols grands d\u00e9port\u00e9s\",\"item\":\"https:\\\/\\\/www.palarasol.it\\\/fr\\\/categorie-produit\\\/parasols-grands-deportes\\\/\"},{\"@type\":\"ListItem\",\"position\":4,\"name\":\"Allegro 300&#215;200 cm\"}]},{\"@type\":\"WebSite\",\"@id\":\"http:\\\/\\\/www.palarasol.it\\\/fr\\\/#website\",\"url\":\"http:\\\/\\\/www.palarasol.it\\\/fr\\\/\",\"name\":\"Palarasol\",\"description\":\"\",\"publisher\":{\"@id\":\"http:\\\/\\\/www.palarasol.it\\\/fr\\\/#organization\"},\"potentialAction\":[{\"@type\":\"SearchAction\",\"target\":{\"@type\":\"EntryPoint\",\"urlTemplate\":\"http:\\\/\\\/www.palarasol.it\\\/fr\\\/?s={search_term_string}\"},\"query-input\":{\"@type\":\"PropertyValueSpecification\",\"valueRequired\":true,\"valueName\":\"search_term_string\"}}],\"inLanguage\":\"fr-FR\"},{\"@type\":\"Organization\",\"@id\":\"http:\\\/\\\/www.palarasol.it\\\/fr\\\/#organization\",\"name\":\"Palara Gianluca & C. S.a.s\",\"url\":\"http:\\\/\\\/www.palarasol.it\\\/fr\\\/\",\"logo\":{\"@type\":\"ImageObject\",\"inLanguage\":\"fr-FR\",\"@id\":\"http:\\\/\\\/www.palarasol.it\\\/fr\\\/#\\\/schema\\\/logo\\\/image\\\/\",\"url\":\"https:\\\/\\\/stagingpalara4.it\\\/wp-content\\\/uploads\\\/2015\\\/06\\\/logo.png\",\"contentUrl\":\"https:\\\/\\\/stagingpalara4.it\\\/wp-content\\\/uploads\\\/2015\\\/06\\\/logo.png\",\"width\":800,\"height\":189,\"caption\":\"Palara Gianluca & C. S.a.s\"},\"image\":{\"@id\":\"http:\\\/\\\/www.palarasol.it\\\/fr\\\/#\\\/schema\\\/logo\\\/image\\\/\"},\"sameAs\":[\"https:\\\/\\\/www.facebook.com\\\/palarasol\",\"https:\\\/\\\/x.com\\\/palarasol\"]}]}<\/script>\n<!-- \/ Yoast SEO plugin. -->","yoast_head_json":{"title":"Allegro 300x200 cm - Palarasol","description":"Parapluie lat\u00e9ral avec volants Art 87r Allegro cm 300x200 \/ 4 h 250. Fabriqu\u00e9 en Italie. Mat\u00e9riau: acrylique dralon solidit\u00e9 de la couleur \u00e0 la lumi\u00e8re: 6\/8","robots":{"index":"index","follow":"follow","max-snippet":"max-snippet:-1","max-image-preview":"max-image-preview:large","max-video-preview":"max-video-preview:-1"},"canonical":"https:\/\/www.palarasol.it\/fr\/shop\/parasols-fr\/joyeux-rectangulaire\/","og_locale":"fr_FR","og_type":"article","og_title":"Allegro 300x200 cm - Palarasol","og_description":"Parapluie lat\u00e9ral avec volants Art 87r Allegro cm 300x200 \/ 4 h 250. Fabriqu\u00e9 en Italie. Mat\u00e9riau: acrylique dralon solidit\u00e9 de la couleur \u00e0 la lumi\u00e8re: 6\/8","og_url":"https:\/\/www.palarasol.it\/fr\/shop\/parasols-fr\/joyeux-rectangulaire\/","og_site_name":"Palarasol","article_publisher":"https:\/\/www.facebook.com\/palarasol","article_modified_time":"2021-04-08T09:27:35+00:00","og_image":[{"width":1201,"height":800,"url":"https:\/\/www.palarasol.it\/wp-content\/uploads\/2015\/06\/IMG_8796_rosso2.jpg","type":"image\/jpeg"}],"twitter_card":"summary_large_image","twitter_site":"@palarasol","twitter_misc":{"Dur\u00e9e de lecture estim\u00e9e":"1 minute"},"schema":{"@context":"https:\/\/schema.org","@graph":[{"@type":"WebPage","@id":"https:\/\/www.palarasol.it\/fr\/shop\/parasols-fr\/joyeux-rectangulaire\/","url":"https:\/\/www.palarasol.it\/fr\/shop\/parasols-fr\/joyeux-rectangulaire\/","name":"Allegro 300x200 cm - Palarasol","isPartOf":{"@id":"http:\/\/www.palarasol.it\/fr\/#website"},"primaryImageOfPage":{"@id":"https:\/\/www.palarasol.it\/fr\/shop\/parasols-fr\/joyeux-rectangulaire\/#primaryimage"},"image":{"@id":"https:\/\/www.palarasol.it\/fr\/shop\/parasols-fr\/joyeux-rectangulaire\/#primaryimage"},"thumbnailUrl":"https:\/\/www.palarasol.it\/wp-content\/uploads\/2015\/06\/IMG_8796_rosso2.jpg","datePublished":"2015-06-29T15:45:51+00:00","dateModified":"2021-04-08T09:27:35+00:00","description":"Parapluie lat\u00e9ral avec volants Art 87r Allegro cm 300x200 \/ 4 h 250. Fabriqu\u00e9 en Italie. Mat\u00e9riau: acrylique dralon solidit\u00e9 de la couleur \u00e0 la lumi\u00e8re: 6\/8","breadcrumb":{"@id":"https:\/\/www.palarasol.it\/fr\/shop\/parasols-fr\/joyeux-rectangulaire\/#breadcrumb"},"inLanguage":"fr-FR","potentialAction":[{"@type":"ReadAction","target":["https:\/\/www.palarasol.it\/fr\/shop\/parasols-fr\/joyeux-rectangulaire\/"]}]},{"@type":"ImageObject","inLanguage":"fr-FR","@id":"https:\/\/www.palarasol.it\/fr\/shop\/parasols-fr\/joyeux-rectangulaire\/#primaryimage","url":"https:\/\/www.palarasol.it\/wp-content\/uploads\/2015\/06\/IMG_8796_rosso2.jpg","contentUrl":"https:\/\/www.palarasol.it\/wp-content\/uploads\/2015\/06\/IMG_8796_rosso2.jpg","width":1201,"height":800,"caption":"Allegro -art87-Maffei"},{"@type":"BreadcrumbList","@id":"https:\/\/www.palarasol.it\/fr\/shop\/parasols-fr\/joyeux-rectangulaire\/#breadcrumb","itemListElement":[{"@type":"ListItem","position":1,"name":"Home","item":"https:\/\/www.palarasol.it\/fr\/10073-2\/"},{"@type":"ListItem","position":2,"name":"Shop","item":"http:\/\/stagingpalara4.it\/negozio\/"},{"@type":"ListItem","position":3,"name":"Parasols grands d\u00e9port\u00e9s","item":"https:\/\/www.palarasol.it\/fr\/categorie-produit\/parasols-grands-deportes\/"},{"@type":"ListItem","position":4,"name":"Allegro 300&#215;200 cm"}]},{"@type":"WebSite","@id":"http:\/\/www.palarasol.it\/fr\/#website","url":"http:\/\/www.palarasol.it\/fr\/","name":"Palarasol","description":"","publisher":{"@id":"http:\/\/www.palarasol.it\/fr\/#organization"},"potentialAction":[{"@type":"SearchAction","target":{"@type":"EntryPoint","urlTemplate":"http:\/\/www.palarasol.it\/fr\/?s={search_term_string}"},"query-input":{"@type":"PropertyValueSpecification","valueRequired":true,"valueName":"search_term_string"}}],"inLanguage":"fr-FR"},{"@type":"Organization","@id":"http:\/\/www.palarasol.it\/fr\/#organization","name":"Palara Gianluca & C. S.a.s","url":"http:\/\/www.palarasol.it\/fr\/","logo":{"@type":"ImageObject","inLanguage":"fr-FR","@id":"http:\/\/www.palarasol.it\/fr\/#\/schema\/logo\/image\/","url":"https:\/\/stagingpalara4.it\/wp-content\/uploads\/2015\/06\/logo.png","contentUrl":"https:\/\/stagingpalara4.it\/wp-content\/uploads\/2015\/06\/logo.png","width":800,"height":189,"caption":"Palara Gianluca & C. S.a.s"},"image":{"@id":"http:\/\/www.palarasol.it\/fr\/#\/schema\/logo\/image\/"},"sameAs":["https:\/\/www.facebook.com\/palarasol","https:\/\/x.com\/palarasol"]}]}},"_links":{"self":[{"href":"https:\/\/www.palarasol.it\/fr\/wp-json\/wp\/v2\/product\/76011","targetHints":{"allow":["GET"]}}],"collection":[{"href":"https:\/\/www.palarasol.it\/fr\/wp-json\/wp\/v2\/product"}],"about":[{"href":"https:\/\/www.palarasol.it\/fr\/wp-json\/wp\/v2\/types\/product"}],"version-history":[{"count":0,"href":"https:\/\/www.palarasol.it\/fr\/wp-json\/wp\/v2\/product\/76011\/revisions"}],"wp:featuredmedia":[{"embeddable":true,"href":"https:\/\/www.palarasol.it\/fr\/wp-json\/wp\/v2\/media\/75989"}],"wp:attachment":[{"href":"https:\/\/www.palarasol.it\/fr\/wp-json\/wp\/v2\/media?parent=76011"}],"wp:term":[{"taxonomy":"product_brand","embeddable":true,"href":"https:\/\/www.palarasol.it\/fr\/wp-json\/wp\/v2\/product_brand?post=76011"},{"taxonomy":"product_cat","embeddable":true,"href":"https:\/\/www.palarasol.it\/fr\/wp-json\/wp\/v2\/product_cat?post=76011"},{"taxonomy":"product_tag","embeddable":true,"href":"https:\/\/www.palarasol.it\/fr\/wp-json\/wp\/v2\/product_tag?post=76011"}],"curies":[{"name":"wp","href":"https:\/\/api.w.org\/{rel}","templated":true}]}}